{"id":2571,"date":"2016-05-24T08:48:53","date_gmt":"2016-05-24T08:48:53","guid":{"rendered":"https:\/\/www.hotelbaiadelre.com\/de\/posizione\/"},"modified":"2019-01-31T15:16:41","modified_gmt":"2019-01-31T15:16:41","slug":"lage","status":"publish","type":"page","link":"https:\/\/www.hotelbaiadelre.com\/de\/lage\/","title":{"rendered":"Lage"},"content":{"rendered":"<div class=\"wpb-content-wrapper\">[vc_row full_height=&#8220;yes&#8220; parallax=&#8220;content-moving&#8220; bg_type=&#8220;image&#8220; parallax_style=&#8220;vcpb-default&#8220; bg_image_new=&#8220;id^2235|url^https:\/\/www.hotelbaiadelre.com\/wp-content\/uploads\/2016\/05\/slider_posizione.jpg|caption^null|alt^null|title^slider_posizione|description^null&#8220; bg_image_repeat=&#8220;no-repeat&#8220; bg_img_attach=&#8220;fixed&#8220; parallax_content=&#8220;parallax_content_value&#8220;][vc_column][vc_column_text]\n<div class=\"payoff\">\n<h1>Hotel Real Fini Baia del Re Modena<\/h1>\n<\/div>\n[\/vc_column_text][\/vc_column][\/vc_row][vc_row el_class=&#8220;contenuto&#8220;][vc_column][vc_empty_space height=&#8220;50px&#8220;][vc_row_inner el_class=&#8220;wrap&#8220;][vc_column_inner width=&#8220;1\/2&#8243;][vc_column_text css=&#8220;.vc_custom_1465918997154{padding-top: 0px !important;}&#8220;]\n<h1>Lage<\/h1>\n<p><img decoding=\"async\" src=\"https:\/\/www.hotelbaiadelre.com\/wp-content\/uploads\/2015\/07\/fregio.png\" alt=\"\" \/><\/p>\n<p class=\"testointerno\">Das <strong>Hotel Real Fini Baia<\/strong> <strong>del Re<\/strong> befindet sich in einer strategischen Lage, aus der man rasch das Zentrum von <strong>Modena<\/strong> und die Interessenspunkte in der Provinz erreicht. Es ist aber auch ein idealer Ausgangspunkt zur Erkundung der Sch\u00f6nheiten unserer Landschaft oder ein Ort der Entspannung nach einer langen Reise.<\/p>\n<p class=\"testointerno\"><strong>Modena<\/strong>, mit der geschichtstr\u00e4chtigen Altstadt und den antiken Geb\u00e4uden, stellt eine verf\u00fchrerische Gelegenheit f\u00fcr alle dar, die sich gerne der Entdeckung des k\u00fcnstlerischen und kulturellen Guts widmen, das so gro\u00dfz\u00fcgig in unserem Land vorhanden ist. Seit 1997 geh\u00f6ren die Wahrzeichen der Stadt, d.h. der <strong>Dom<\/strong> von Modena, der Glockenturm <strong>Ghirlandina<\/strong> und die <strong>Piazza Grande<\/strong>, zum <strong>Weltkulturerbe der UNESCO<\/strong>. Pflichtetappen f\u00fcr die Besucher Modenas sind au\u00dferdem der <strong>Herzogspalast<\/strong>, dem heutigen Sitz der Milit\u00e4rakademie, und das <strong>Gemeindetheater<\/strong>, das dem Tenor <strong>Luciano Pavarotti<\/strong> aus Modena gewidmet ist.<\/p>\n[\/vc_column_text][\/vc_column_inner][vc_column_inner width=&#8220;1\/2&#8243;][vc_column_text el_class=&#8220;pagina&#8220;]\n<div id=\"box-offerte\">\n<h3>Ereignisse<\/h3>\n<div class=\"flexslider\" style=\"width:100%px;\"><ul class=\"slides\"><li><a href=\"https:\/\/www.hotelbaiadelre.com\/de\/events\/veranstaltungen-in-der-stadt\/\"><img loading=\"lazy\" decoding=\"async\" width=\"440\" height=\"211\" src=\"https:\/\/www.hotelbaiadelre.com\/wp-content\/uploads\/2016\/05\/loc1_b-500x240.jpg\" class=\"attachment-slider_medium_large size-slider_medium_large\" alt=\"\" srcset=\"https:\/\/www.hotelbaiadelre.com\/wp-content\/uploads\/2016\/05\/loc1_b-500x240.jpg 500w, https:\/\/www.hotelbaiadelre.com\/wp-content\/uploads\/2016\/05\/loc1_b-210x100.jpg 210w\" sizes=\"auto, (max-width: 440px) 100vw, 440px\" \/><\/a><div class=\"flex-caption\"><div class=\"original-price price-all\"><\/div><div class=\"reducted-price price-all\"><\/div><div class=\"clear\"><\/div><div class=\"clear\"><\/div><div class=\"events_title\"><a href=\"https:\/\/www.hotelbaiadelre.com\/de\/events\/veranstaltungen-in-der-stadt\/\">Veranstaltungen in der Stadt<\/a><\/div><\/div><\/li><\/ul><\/div>\n<p class=\"lista\"><a title=\"Eventi\" href=\"https:\/\/www.hotelbaiadelre.com\/de\/ereignisse-modena\/\">Zur vollst\u00e4ndigen Liste gehen<\/a><\/p>\n<\/div>\n[\/vc_column_text][\/vc_column_inner][\/vc_row_inner][vc_empty_space height=&#8220;50px&#8220;][vc_raw_html]JTNDaWZyYW1lJTIwaWQlM0QlMjJtYXAxJTIyJTIwd2lkdGglM0QlMjIxMDAlMjUlMjIlMjBoZWlnaHQlM0QlMjI1NTAlMjIlMjBmcmFtZWJvcmRlciUzRCUyMjAlMjIlM0UlM0MlMkZpZnJhbWUlM0U=[\/vc_raw_html][\/vc_column][\/vc_row][vc_row content_placement=&#8220;top&#8220; parallax_content=&#8220;parallax_content_value&#8220; el_class=&#8220;wrap&#8220; css=&#8220;.vc_custom_1464188179440{margin-bottom: 30px !important;}&#8220;][vc_column width=&#8220;1\/2&#8243;][vc_column_text]\n<h3>Haus-Museum Luciano Pavarotti<\/h3>\n<p class=\"testoservizi\">Nur wenige Kilometer entfernt befindet sich das Haus-Museum von Luciano Pavarotti, in dem pers\u00f6nliche Gegenst\u00e4nde verwahrt sind, die er liebte, und das Erinnerungen an seine mit der Familie, Freunden und jungen Studenten verbrachte Zeit enth\u00e4lt.<\/p>\n<p class=\"testoservizi\">W\u00e4hrend Ihres Besuches dieses Hauses k\u00f6nnen Sie Pavarotti entdecken, sich seinem Verm\u00e4chtnis n\u00e4hern, seinen t\u00e4glichen Gewohnheiten n\u00e4herkommen und den Mann kennenlernen, der zu Hause nicht mehr die Kleider der bedeutenden K\u00fcnstlers tr\u00e4gt. Sie k\u00f6nnen die Kost\u00fcme, Fotos und Videos bewundern, die seine bedeutende, mehr als vierzig j\u00e4hrige Karriere in Opernh\u00e4usern und auf der ganzen Welt bestimmt und gepr\u00e4gt haben.<\/p>\n[\/vc_column_text][\/vc_column][vc_column width=&#8220;1\/2&#8243;][vc_single_image image=&#8220;2382&#8243; img_size=&#8220;full&#8220; onclick=&#8220;img_link_large&#8220;][\/vc_column][\/vc_row][vc_row content_placement=&#8220;top&#8220; parallax_content=&#8220;parallax_content_value&#8220; css=&#8220;.vc_custom_1464708719328{margin-bottom: 30px !important;padding-top: 30px !important;padding-bottom: 30px !important;background-color: #eaeaea !important;}&#8220;][vc_column][vc_row_inner el_class=&#8220;wrap&#8220;][vc_column_inner width=&#8220;1\/2&#8243;][vc_single_image image=&#8220;2229&#8243; img_size=&#8220;full&#8220; onclick=&#8220;img_link_large&#8220;][\/vc_column_inner][vc_column_inner width=&#8220;1\/2&#8243;][vc_column_text]Nur wenige Kilometer von der Stadt liegt <strong>Maranello<\/strong>, der Firmensitz des weltweit ber\u00fchmtesten Autoherstellers <strong>Ferrari<\/strong>. Ihm ist das <strong>Ferrari-Museum Maranello<\/strong> gewidmet, in dem die brillantesten und ruhmreichsten Fahrzeuge der Sportgeschichte ausgestellt sind. Motorliebhaber k\u00f6nnen au\u00dferdem ab Februar 2012 das <strong>Enzo Ferrari Museum<\/strong> besichtigen. Es befindet sich im Bereich, an dem das Geburtshaus des &#8222;Drake&#8220; steht. Darin wird die Geschichte des Modeneser Motorsports und vor allem von Enzo Ferrari und der Automarke <strong>Maserati<\/strong> rekonstruiert, die gegen\u00fcber dem neuen Museumsgeb\u00e4ude hergestellt wird.[\/vc_column_text][\/vc_column_inner][\/vc_row_inner][\/vc_column][\/vc_row][vc_row content_placement=&#8220;top&#8220; parallax_content=&#8220;parallax_content_value&#8220; el_class=&#8220;wrap&#8220; css=&#8220;.vc_custom_1464188179440{margin-bottom: 30px !important;}&#8220;][vc_column width=&#8220;1\/2&#8243;][vc_column_text]\n<p class=\"testoservizi\">Die Provinz von Modena bietet unterschiedlichste Anlaufspunkte. Dies gilt auch f\u00fcr die <strong>Business &#8211; G\u00e4ste<\/strong>, die in dem <strong>Zentrum der Keramik in Sassuolo<\/strong>, dem der Stoffe in Carpi und dem der Biomedizin in Mirandola alles Erdenkliche f\u00fcr ihren Interessenbereich finden.<\/p>\n<h3>Messe<\/h3>\n<ul>\n<li>CERSAIE (Bologna)<\/li>\n<li>COSMOPROF (Bologna)<\/li>\n<li>MOTOR SHOW (Bologna)<\/li>\n<li>CIBUS (Parma)<\/li>\n<li>Modena Antiquaria (Antiquit\u00e4tenmesse)<\/li>\n<li>Festival della filosofia (Philosophie-Festival &#8211; Kultur))<\/li>\n<li>Serate Estensi (Modeschauen, Tanz und Musik)<\/li>\n<li>Skipass (Wintersport)<\/li>\n<li>Country Life (das Leben auf dem Land)<\/li>\n<li>Modena Motor Gallery (<span id=\"result_box\" class=\"\" lang=\"de\">Antique Automobile <span class=\"\">und Motorr\u00e4der<\/span><\/span>)<\/li>\n<\/ul>\n[\/vc_column_text][\/vc_column][vc_column width=&#8220;1\/2&#8243;][vc_single_image image=&#8220;2384&#8243; img_size=&#8220;full&#8220; onclick=&#8220;img_link_large&#8220;][\/vc_column][\/vc_row][vc_row full_height=&#8220;yes&#8220; columns_placement=&#8220;top&#8220; parallax=&#8220;content-moving&#8220; bg_type=&#8220;image&#8220; parallax_style=&#8220;vcpb-vz-jquery&#8220; bg_image_new=&#8220;id^2357|url^https:\/\/www.hotelbaiadelre.com\/wp-content\/uploads\/2016\/05\/1D1K2016-1.jpg|caption^null|alt^null|title^1D1K2016|description^null&#8220; bg_image_repeat=&#8220;no-repeat&#8220; parallax_content=&#8220;parallax_content_value&#8220;][vc_column][vc_column_text el_class=&#8220;servizi&#8220;]\n<h2>Wie Sie uns erreichen<\/h2>\n[\/vc_column_text][\/vc_column][\/vc_row][vc_row][vc_column][vc_empty_space][vc_column_text el_class=&#8220;wrap boxcomeragg&#8220;]\n<h3>Wie Sie uns erreichen<\/h3>\n<p><strong>Mit dem Zug.<\/strong> Bahnhof Modena. Autobuslinie nach Vignola (Nummer 731) mit Umsteigen in Bushaltestelle \u201cPonte Guerro\u201d, 200 m vom Hotel. Tickets k\u00f6nnen im Bus gekauft werden.<\/p>\n<p><strong>Mit dem Flugzeug.<\/strong> Der Flughafen Marconi von Bologna liegt 35 Km entfernt.\u00a0 Mit dem Auto folgen Sie den Hinweisen in Richtung Tangenziale, oder Tangente und an der Mautstelle Borgo Panigale fahren Sie auf die Autobahn A1 in Richtung Milano (Mailand); nehmen Sie die Ausfahrt Modena Sud, fahren Sie die Strada Vignolese entlang und nach 200 m entdecken Sie Ihr Hotel.<\/p>\n<p><strong>Mit dem Auto.<\/strong> Aus n\u00f6rdlicher Richtung kommend, nehmen Sie die Brenner-Autobahn A22 in Richtung Modena, fahren Sie dann auf die A1 in Richtung Bologna und an der Ausfahrt Modena Sud ab. Wenn Sie aus Mailand anreisen, nahmen Sie die A1 in Richtung Bologna bis zur Ausfahrt Modena Sud. In beiden F\u00e4llen kommen Sie nach der Mautstelle von Modena Sud auf die Strada Vignolese, wo Sie nach 200 m Ihr Hotel entdecken.[\/vc_column_text][vc_column_text css=&#8220;.vc_custom_1465919237021{padding-top: 30px !important;}&#8220; el_class=&#8220;wrap&#8220;]<a href=\"https:\/\/www.hotelbaiadelre.com\/de\/wie-sie-uns-erreichen\/\" class=\"popup\" data-width=\"750\" data-height=\"600\" data-scrollbars=\"1\" alt=\"popup\">\n<h4 class=\"nascondimobile\">Drucken Sie die Karte mit der Wegbeschreibung zu erreichen uns<\/h4>\n<\/a>[\/vc_column_text][vc_empty_space][vc_media_grid element_width=&#8220;3&#8243; gap=&#8220;0&#8243; item=&#8220;mediaGrid_FadeInWithIcon&#8220; grid_id=&#8220;vc_gid:1548947785741-244c5a14-495c-5&#8243; include=&#8220;2112,2351,2115,2352&#8243;][\/vc_column][\/vc_row]\n<\/p><\/div>","protected":false},"excerpt":{"rendered":"<p>[vc_row full_height=&#8220;yes&#8220; parallax=&#8220;content-moving&#8220; bg_type=&#8220;image&#8220; parallax_style=&#8220;vcpb-default&#8220; bg_image_new=&#8220;id^2235|url^https:\/\/www.hotelbaiadelre.com\/wp-content\/uploads\/2016\/05\/slider_posizione.jpg|caption^null|alt^null|title^slider_posizione|description^null&#8220; bg_image_repeat=&#8220;no-repeat&#8220; bg_img_attach=&#8220;fixed&#8220; parallax_content=&#8220;parallax_content_value&#8220;][vc_column][vc_column_text] Hotel Real Fini Baia del Re Modena [\/vc_column_text][\/vc_column][\/vc_row][vc_row el_class=&#8220;contenuto&#8220;][vc_column][vc_empty_space height=&#8220;50px&#8220;][vc_row_inner el_class=&#8220;wrap&#8220;][vc_column_inner width=&#8220;1\/2&#8243;][vc_column_text css=&#8220;.vc_custom_1465918997154{padding-top: 0px !important;}&#8220;] Lage Das Hotel Real Fini Baia del Re befindet sich in einer strategischen Lage, aus der man rasch das Zentrum von Modena und die Interessenspunkte in der Provinz erreicht. Es ist [&hellip;]<\/p>\n","protected":false},"author":36,"featured_media":0,"parent":0,"menu_order":0,"comment_status":"closed","ping_status":"closed","template":"","meta":{"_genesis_hide_title":false,"_genesis_hide_breadcrumbs":false,"_genesis_hide_singular_image":false,"_genesis_hide_footer_widgets":false,"_genesis_custom_body_class":"","_genesis_custom_post_class":"","_genesis_layout":"","footnotes":""},"class_list":{"0":"post-2571","1":"page","2":"type-page","3":"status-publish","5":"entry"},"yoast_head":"<!-- This site is optimized with the Yoast SEO plugin v25.6 - https:\/\/yoast.com\/wordpress\/plugins\/seo\/ -->\n<title>Lage | Hotel Baia del Re<\/title>\n<meta name=\"description\" content=\"Lage, Hotel Baia del Re:\" \/>\n<meta name=\"robots\" content=\"index, follow, max-snippet:-1, max-image-preview:large, max-video-preview:-1\" \/>\n<link rel=\"canonical\" href=\"https:\/\/www.hotelbaiadelre.com\/de\/lage\/\" \/>\n<meta property=\"og:locale\" content=\"de_DE\" \/>\n<meta property=\"og:type\" content=\"article\" \/>\n<meta property=\"og:title\" content=\"Lage | Hotel Baia del Re\" \/>\n<meta property=\"og:description\" content=\"Lage, Hotel Baia del Re:\" \/>\n<meta property=\"og:url\" content=\"https:\/\/www.hotelbaiadelre.com\/de\/lage\/\" \/>\n<meta property=\"og:site_name\" content=\"Hotel Baia del Re\" \/>\n<meta property=\"article:modified_time\" content=\"2019-01-31T15:16:41+00:00\" \/>\n<meta property=\"og:image\" content=\"https:\/\/www.hotelbaiadelre.com\/wp-content\/uploads\/2015\/07\/fregio.png\" \/>\n<meta name=\"twitter:label1\" content=\"Gesch\u00e4tzte Lesezeit\" \/>\n\t<meta name=\"twitter:data1\" content=\"5\u00a0Minuten\" \/>\n<script type=\"application\/ld+json\" class=\"yoast-schema-graph\">{\"@context\":\"https:\/\/schema.org\",\"@graph\":[{\"@type\":\"WebPage\",\"@id\":\"https:\/\/www.hotelbaiadelre.com\/de\/lage\/\",\"url\":\"https:\/\/www.hotelbaiadelre.com\/de\/lage\/\",\"name\":\"Lage | Hotel Baia del Re\",\"isPartOf\":{\"@id\":\"https:\/\/www.hotelbaiadelre.com\/de\/#website\"},\"primaryImageOfPage\":{\"@id\":\"https:\/\/www.hotelbaiadelre.com\/de\/lage\/#primaryimage\"},\"image\":{\"@id\":\"https:\/\/www.hotelbaiadelre.com\/de\/lage\/#primaryimage\"},\"thumbnailUrl\":\"https:\/\/www.hotelbaiadelre.com\/wp-content\/uploads\/2015\/07\/fregio.png\",\"datePublished\":\"2016-05-24T08:48:53+00:00\",\"dateModified\":\"2019-01-31T15:16:41+00:00\",\"description\":\"Lage, Hotel Baia del Re:\",\"breadcrumb\":{\"@id\":\"https:\/\/www.hotelbaiadelre.com\/de\/lage\/#breadcrumb\"},\"inLanguage\":\"de\",\"potentialAction\":[{\"@type\":\"ReadAction\",\"target\":[\"https:\/\/www.hotelbaiadelre.com\/de\/lage\/\"]}]},{\"@type\":\"ImageObject\",\"inLanguage\":\"de\",\"@id\":\"https:\/\/www.hotelbaiadelre.com\/de\/lage\/#primaryimage\",\"url\":\"https:\/\/www.hotelbaiadelre.com\/wp-content\/uploads\/2015\/07\/fregio.png\",\"contentUrl\":\"https:\/\/www.hotelbaiadelre.com\/wp-content\/uploads\/2015\/07\/fregio.png\"},{\"@type\":\"BreadcrumbList\",\"@id\":\"https:\/\/www.hotelbaiadelre.com\/de\/lage\/#breadcrumb\",\"itemListElement\":[{\"@type\":\"ListItem\",\"position\":1,\"name\":\"Home\",\"item\":\"https:\/\/www.hotelbaiadelre.com\/de\/\"},{\"@type\":\"ListItem\",\"position\":2,\"name\":\"Lage\"}]},{\"@type\":\"WebSite\",\"@id\":\"https:\/\/www.hotelbaiadelre.com\/de\/#website\",\"url\":\"https:\/\/www.hotelbaiadelre.com\/de\/\",\"name\":\"Hotel Baia del Re\",\"description\":\"\",\"potentialAction\":[{\"@type\":\"SearchAction\",\"target\":{\"@type\":\"EntryPoint\",\"urlTemplate\":\"https:\/\/www.hotelbaiadelre.com\/de\/?s={search_term_string}\"},\"query-input\":{\"@type\":\"PropertyValueSpecification\",\"valueRequired\":true,\"valueName\":\"search_term_string\"}}],\"inLanguage\":\"de\"}]}<\/script>\n<!-- \/ Yoast SEO plugin. -->","yoast_head_json":{"title":"Lage | Hotel Baia del Re","description":"Lage, Hotel Baia del Re:","robots":{"index":"index","follow":"follow","max-snippet":"max-snippet:-1","max-image-preview":"max-image-preview:large","max-video-preview":"max-video-preview:-1"},"canonical":"https:\/\/www.hotelbaiadelre.com\/de\/lage\/","og_locale":"de_DE","og_type":"article","og_title":"Lage | Hotel Baia del Re","og_description":"Lage, Hotel Baia del Re:","og_url":"https:\/\/www.hotelbaiadelre.com\/de\/lage\/","og_site_name":"Hotel Baia del Re","article_modified_time":"2019-01-31T15:16:41+00:00","og_image":[{"url":"https:\/\/www.hotelbaiadelre.com\/wp-content\/uploads\/2015\/07\/fregio.png","type":"","width":"","height":""}],"twitter_misc":{"Gesch\u00e4tzte Lesezeit":"5\u00a0Minuten"},"schema":{"@context":"https:\/\/schema.org","@graph":[{"@type":"WebPage","@id":"https:\/\/www.hotelbaiadelre.com\/de\/lage\/","url":"https:\/\/www.hotelbaiadelre.com\/de\/lage\/","name":"Lage | Hotel Baia del Re","isPartOf":{"@id":"https:\/\/www.hotelbaiadelre.com\/de\/#website"},"primaryImageOfPage":{"@id":"https:\/\/www.hotelbaiadelre.com\/de\/lage\/#primaryimage"},"image":{"@id":"https:\/\/www.hotelbaiadelre.com\/de\/lage\/#primaryimage"},"thumbnailUrl":"https:\/\/www.hotelbaiadelre.com\/wp-content\/uploads\/2015\/07\/fregio.png","datePublished":"2016-05-24T08:48:53+00:00","dateModified":"2019-01-31T15:16:41+00:00","description":"Lage, Hotel Baia del Re:","breadcrumb":{"@id":"https:\/\/www.hotelbaiadelre.com\/de\/lage\/#breadcrumb"},"inLanguage":"de","potentialAction":[{"@type":"ReadAction","target":["https:\/\/www.hotelbaiadelre.com\/de\/lage\/"]}]},{"@type":"ImageObject","inLanguage":"de","@id":"https:\/\/www.hotelbaiadelre.com\/de\/lage\/#primaryimage","url":"https:\/\/www.hotelbaiadelre.com\/wp-content\/uploads\/2015\/07\/fregio.png","contentUrl":"https:\/\/www.hotelbaiadelre.com\/wp-content\/uploads\/2015\/07\/fregio.png"},{"@type":"BreadcrumbList","@id":"https:\/\/www.hotelbaiadelre.com\/de\/lage\/#breadcrumb","itemListElement":[{"@type":"ListItem","position":1,"name":"Home","item":"https:\/\/www.hotelbaiadelre.com\/de\/"},{"@type":"ListItem","position":2,"name":"Lage"}]},{"@type":"WebSite","@id":"https:\/\/www.hotelbaiadelre.com\/de\/#website","url":"https:\/\/www.hotelbaiadelre.com\/de\/","name":"Hotel Baia del Re","description":"","potentialAction":[{"@type":"SearchAction","target":{"@type":"EntryPoint","urlTemplate":"https:\/\/www.hotelbaiadelre.com\/de\/?s={search_term_string}"},"query-input":{"@type":"PropertyValueSpecification","valueRequired":true,"valueName":"search_term_string"}}],"inLanguage":"de"}]}},"publishpress_future_action":{"enabled":false,"date":"2026-05-07 06:03:30","action":"change-status","newStatus":"draft","terms":[],"taxonomy":"translation_priority","extraData":[]},"publishpress_future_workflow_manual_trigger":{"enabledWorkflows":[]},"_links":{"self":[{"href":"https:\/\/www.hotelbaiadelre.com\/de\/wp-json\/wp\/v2\/pages\/2571","targetHints":{"allow":["GET"]}}],"collection":[{"href":"https:\/\/www.hotelbaiadelre.com\/de\/wp-json\/wp\/v2\/pages"}],"about":[{"href":"https:\/\/www.hotelbaiadelre.com\/de\/wp-json\/wp\/v2\/types\/page"}],"author":[{"embeddable":true,"href":"https:\/\/www.hotelbaiadelre.com\/de\/wp-json\/wp\/v2\/users\/36"}],"replies":[{"embeddable":true,"href":"https:\/\/www.hotelbaiadelre.com\/de\/wp-json\/wp\/v2\/comments?post=2571"}],"version-history":[{"count":2,"href":"https:\/\/www.hotelbaiadelre.com\/de\/wp-json\/wp\/v2\/pages\/2571\/revisions"}],"predecessor-version":[{"id":4053,"href":"https:\/\/www.hotelbaiadelre.com\/de\/wp-json\/wp\/v2\/pages\/2571\/revisions\/4053"}],"wp:attachment":[{"href":"https:\/\/www.hotelbaiadelre.com\/de\/wp-json\/wp\/v2\/media?parent=2571"}],"curies":[{"name":"wp","href":"https:\/\/api.w.org\/{rel}","templated":true}]}}