{"id":2573,"date":"2016-05-24T08:48:53","date_gmt":"2016-05-24T08:48:53","guid":{"rendered":"https:\/\/www.hotelbaiadelre.com\/es\/posizione\/"},"modified":"2019-01-31T15:17:03","modified_gmt":"2019-01-31T15:17:03","slug":"ubicacion","status":"publish","type":"page","link":"https:\/\/www.hotelbaiadelre.com\/es\/ubicacion\/","title":{"rendered":"Ubicaci\u00f3n"},"content":{"rendered":"<div class=\"wpb-content-wrapper\">[vc_row full_height=\u00bbyes\u00bb parallax=\u00bbcontent-moving\u00bb bg_type=\u00bbimage\u00bb parallax_style=\u00bbvcpb-default\u00bb bg_image_new=\u00bbid^2235|url^https:\/\/www.hotelbaiadelre.com\/wp-content\/uploads\/2016\/05\/slider_posizione.jpg|caption^null|alt^null|title^slider_posizione|description^null\u00bb bg_image_repeat=\u00bbno-repeat\u00bb bg_img_attach=\u00bbfixed\u00bb parallax_content=\u00bbparallax_content_value\u00bb][vc_column][vc_column_text]\n<div class=\"payoff\">\n<h1>Hotel Real Fini Baia del Re Modena<\/h1>\n<\/div>\n[\/vc_column_text][\/vc_column][\/vc_row][vc_row el_class=\u00bbcontenuto\u00bb][vc_column][vc_empty_space height=\u00bb50px\u00bb][vc_row_inner el_class=\u00bbwrap\u00bb][vc_column_inner width=\u00bb1\/2&#8243;][vc_column_text css=\u00bb.vc_custom_1465919347241{padding-top: 0px !important;}\u00bb]\n<h1>Ubicaci\u00f3n<\/h1>\n<p><img decoding=\"async\" src=\"https:\/\/www.hotelbaiadelre.com\/wp-content\/uploads\/2015\/07\/fregio.png\" alt=\"\" \/><\/p>\n<p class=\"testointerno\">El <strong>Hotel Real Fini Baia<\/strong> <strong>del Re<\/strong> se encuentra en una posici\u00f3n estrat\u00e9gica, a partir de la que se puede llegar r\u00e1pidamente al centro de <strong>M\u00f3dena<\/strong> y a los puntos de inter\u00e9s de la regi\u00f3n, pero tambi\u00e9n es muy c\u00f3modo para quien busca una base para explorar las atracciones de nuestra localidad o desea descansar tras un largo viaje.<\/p>\n<p class=\"testointerno\"><strong>M\u00f3dena<\/strong>, con su centro repleto de historia y antiguos palacios, representa una ocasi\u00f3n perfecta para descubrir la riqueza del patrimonio art\u00edstico y cultural de nuestra regi\u00f3n. En 1997, los s\u00edmbolos de la localidad, a saber, la <strong>Catedral<\/strong> de M\u00f3dena, la <strong>Torre Ghirlandina<\/strong> y <strong>Piazza Grande<\/strong>, fueron distinguidos como <strong>patrimonio de la UNESCO<\/strong>. Otras etapas obligadas para quien visita M\u00f3dena son el <strong>Palacio Ducal<\/strong>, hoy sede de la Academia Militar, y el <strong>Teatro Municipal<\/strong>, dedicado al tenor local <strong>Luciano Pavarotti<\/strong>.<\/p>\n[\/vc_column_text][\/vc_column_inner][vc_column_inner width=\u00bb1\/2&#8243;][vc_column_text el_class=\u00bbpagina\u00bb]\n<div id=\"box-offerte\">\n<h3>Eventos<\/h3>\n<div class=\"flexslider\" style=\"width:100%px;\"><ul class=\"slides\"><li><a href=\"https:\/\/www.hotelbaiadelre.com\/es\/events\/eventos-en-la-ciudad\/\"><img loading=\"lazy\" decoding=\"async\" width=\"440\" height=\"211\" src=\"https:\/\/www.hotelbaiadelre.com\/wp-content\/uploads\/2016\/05\/loc1_b-500x240.jpg\" class=\"attachment-slider_medium_large size-slider_medium_large\" alt=\"\" srcset=\"https:\/\/www.hotelbaiadelre.com\/wp-content\/uploads\/2016\/05\/loc1_b-500x240.jpg 500w, https:\/\/www.hotelbaiadelre.com\/wp-content\/uploads\/2016\/05\/loc1_b-210x100.jpg 210w\" sizes=\"auto, (max-width: 440px) 100vw, 440px\" \/><\/a><div class=\"flex-caption\"><div class=\"original-price price-all\"><\/div><div class=\"reducted-price price-all\"><\/div><div class=\"clear\"><\/div><div class=\"clear\"><\/div><div class=\"events_title\"><a href=\"https:\/\/www.hotelbaiadelre.com\/es\/events\/eventos-en-la-ciudad\/\">Eventos en la ciudad<\/a><\/div><\/div><\/li><\/ul><\/div>\n<p class=\"lista\"><a title=\"Eventi\" href=\"https:\/\/www.hotelbaiadelre.com\/es\/eventos-modena\/\">Ir a la lista completa<\/a><\/p>\n<\/div>\n[\/vc_column_text][\/vc_column_inner][\/vc_row_inner][vc_empty_space height=\u00bb50px\u00bb][vc_raw_html]JTNDaWZyYW1lJTIwaWQlM0QlMjJtYXAxJTIyJTIwd2lkdGglM0QlMjIxMDAlMjUlMjIlMjBoZWlnaHQlM0QlMjI1NTAlMjIlMjBmcmFtZWJvcmRlciUzRCUyMjAlMjIlM0UlM0MlMkZpZnJhbWUlM0U=[\/vc_raw_html][\/vc_column][\/vc_row][vc_row content_placement=\u00bbtop\u00bb parallax_content=\u00bbparallax_content_value\u00bb el_class=\u00bbwrap\u00bb css=\u00bb.vc_custom_1464188179440{margin-bottom: 30px !important;}\u00bb][vc_column width=\u00bb1\/2&#8243;][vc_column_text]\n<h3>Casa Museo Luciano Pavarotti<\/h3>\n<p class=\"testoservizi\">A pocos kil\u00f3metros de distancia se encuentra la Casa museo de Luciano Pavarotti, que guarda objetos personales que \u00e9l amaba y contiene los recuerdos de sus d\u00edas con la familia, los amigos y los j\u00f3venes estudiantes.<\/p>\n<p class=\"testoservizi\">La visita a esta casa le permitir\u00e1 descubrir a Pavarotti, acercarse a su recuerdo conociendo sus h\u00e1bitos diarios y descubrir al hombre de la casa cuando no est\u00e1 en el papel del gran artista. Se pueden admirar los trajes, las fotos y los v\u00eddeos que han marcado su gran carrera de m\u00e1s de cuarenta a\u00f1os en los teatros de \u00f3pera de todo el mundo.<\/p>\n[\/vc_column_text][\/vc_column][vc_column width=\u00bb1\/2&#8243;][vc_single_image image=\u00bb2382&#8243; img_size=\u00bbfull\u00bb onclick=\u00bbimg_link_large\u00bb][\/vc_column][\/vc_row][vc_row content_placement=\u00bbtop\u00bb parallax_content=\u00bbparallax_content_value\u00bb css=\u00bb.vc_custom_1464708719328{margin-bottom: 30px !important;padding-top: 30px !important;padding-bottom: 30px !important;background-color: #eaeaea !important;}\u00bb][vc_column][vc_row_inner el_class=\u00bbwrap\u00bb][vc_column_inner width=\u00bb1\/2&#8243;][vc_single_image image=\u00bb2229&#8243; img_size=\u00bbfull\u00bb onclick=\u00bbimg_link_large\u00bb][\/vc_column_inner][vc_column_inner width=\u00bb1\/2&#8243;][vc_column_text]A pocos kil\u00f3metros de la ciudad se encuentra <strong>Maranello<\/strong>, sede de <strong>Ferrari<\/strong>, la marca automovil\u00edstica m\u00e1s famosa del mundo, engalanada por el <strong>Museo Ferrari Maranello<\/strong>, que expone los veh\u00edculos m\u00e1s notorios y su gloriosa historia deportiva. Los amantes del motor podr\u00e1n adem\u00e1s visitar, a partir de febrero de 2012, el <strong>Museo Casa Natal de Enzo Ferrari<\/strong>, ubicado en la zona del edificio donde naci\u00f3 el \u00abDrake\u00bb y que propondr\u00e1 reconstruir la historia del automovilismo de M\u00f3dena y, en particular, la de Enzo Ferrari y <strong>Maserati<\/strong>, cuya f\u00e1brica se encuentra frente a este nuevo establecimiento muse\u00edstico.[\/vc_column_text][\/vc_column_inner][\/vc_row_inner][\/vc_column][\/vc_row][vc_row content_placement=\u00bbtop\u00bb parallax_content=\u00bbparallax_content_value\u00bb el_class=\u00bbwrap\u00bb css=\u00bb.vc_custom_1464188179440{margin-bottom: 30px !important;}\u00bb][vc_column width=\u00bb1\/2&#8243;][vc_column_text]\n<p class=\"testoservizi\">La provincia de M\u00f3dena ofrece distintos atractivos tambi\u00e9n para los <strong>clientes en viaje de negocios<\/strong>, que hallar\u00e1n v\u00e1lidos motivos de inter\u00e9s en el <strong>polo cer\u00e1mico de Sassuolo<\/strong>, el polo textil de Carpi y el biom\u00e9dico de Mirandola.<\/p>\n<h3>Ferias<\/h3>\n<ul>\n<li>CERSAIE (Bologna)<\/li>\n<li>COSMOPROF (Bologna)<\/li>\n<li>MOTOR SHOW (Bologna)<\/li>\n<li>CIBUS (Parma)<\/li>\n<li>M\u00f3dena Anticuaria (antig\u00fcedades)<\/li>\n<li>Festival de la filosof\u00eda (cultura)<\/li>\n<li>Veladas Estenses (desfiles, danzas y m\u00fasica)<\/li>\n<li>Skipass (deportes de invierno)<\/li>\n<li>Country Life (vivir en el campo)<\/li>\n<li>Modena Motor Gallery (<span id=\"result_box\" class=\"\" lang=\"es\">Autos\u00a0y <span class=\"\">moto<\/span> antiguos<\/span>)<\/li>\n<\/ul>\n[\/vc_column_text][\/vc_column][vc_column width=\u00bb1\/2&#8243;][vc_single_image image=\u00bb2384&#8243; img_size=\u00bbfull\u00bb onclick=\u00bbimg_link_large\u00bb][\/vc_column][\/vc_row][vc_row full_height=\u00bbyes\u00bb columns_placement=\u00bbtop\u00bb parallax=\u00bbcontent-moving\u00bb bg_type=\u00bbimage\u00bb parallax_style=\u00bbvcpb-vz-jquery\u00bb bg_image_new=\u00bbid^2357|url^https:\/\/www.hotelbaiadelre.com\/wp-content\/uploads\/2016\/05\/1D1K2016-1.jpg|caption^null|alt^null|title^1D1K2016|description^null\u00bb bg_image_repeat=\u00bbno-repeat\u00bb parallax_content=\u00bbparallax_content_value\u00bb][vc_column][vc_column_text el_class=\u00bbservizi\u00bb]\n<h2>C\u00f3mo llegar<\/h2>\n[\/vc_column_text][\/vc_column][\/vc_row][vc_row][vc_column][vc_empty_space][vc_column_text el_class=\u00bbwrap boxcomeragg\u00bb]\n<h3>C\u00f3mo llegar<\/h3>\n<p><strong>En tren.<\/strong> Vaya desde la estaci\u00f3n de tren de M\u00f3dena hasta la estaci\u00f3n de autobuses, y de all\u00ed prosiga hacia el hotel utilizando el autob\u00fas extraurbano que lleva a Vignola (731), parada \u201cPonte Guerro\u201d a aproximadamente 500 m del hotel. Los billetes se compran en el autob\u00fas o en la estaci\u00f3n. Otra opci\u00f3n es tomar un taxi desde la estaci\u00f3n de trenes.<\/p>\n<p><strong>En avi\u00f3n.<\/strong> El aeropuerto Marconi de Bolonia se halla a 35 km.\u00a0 En autom\u00f3vil, siga las indicaciones que llevan a la <i>tangenziale<\/i>, y en el peaje de Borgo Panigale entre en la autopista A1 en direcci\u00f3n a Mil\u00e1n; salga en M\u00f3dena Sud, se encontrar\u00e1 en la Strada Vignolese, donde, a unos 200 m, le espera nuestro hotel.<\/p>\n<p><strong>En autom\u00f3vil.<\/strong> Viniendo del Norte, siga la Autopista de Brennero A22 en direcci\u00f3n a M\u00f3dena, entre en la A1 direcci\u00f3n Bolonia y salga en M\u00f3dena Sud. Si viene de Mil\u00e1n, siga la A1 en direcci\u00f3n a Bolonia hasta la salida de Modena Sud. En ambos casos, despu\u00e9s de salir del trayecto en autopista en el peaje de Modena Sud, se encontrar\u00e1 en la Strada Vignolese, donde, a unos 200 m, le espera nuestro hotel.[\/vc_column_text][vc_column_text css=\u00bb.vc_custom_1465919557632{padding-top: 30px !important;}\u00bb el_class=\u00bbwrap\u00bb]<a href=\"https:\/\/www.hotelbaiadelre.com\/es\/como-llegar\/\" class=\"popup\" data-width=\"750\" data-height=\"600\" data-scrollbars=\"1\" alt=\"popup\">\n<h4 class=\"nascondimobile\">Imprimir el mapa con las indicaciones para llegar a nosotros<\/h4>\n<\/a>[\/vc_column_text][vc_empty_space][vc_media_grid element_width=\u00bb3&#8243; gap=\u00bb0&#8243; item=\u00bbmediaGrid_FadeInWithIcon\u00bb grid_id=\u00bbvc_gid:1548947808829-3febdf4c-ce82-6&#8243; include=\u00bb2112,2351,2115,2352&#8243;][\/vc_column][\/vc_row]\n<\/p><\/div>","protected":false},"excerpt":{"rendered":"<p>[vc_row full_height=\u00bbyes\u00bb parallax=\u00bbcontent-moving\u00bb bg_type=\u00bbimage\u00bb parallax_style=\u00bbvcpb-default\u00bb bg_image_new=\u00bbid^2235|url^https:\/\/www.hotelbaiadelre.com\/wp-content\/uploads\/2016\/05\/slider_posizione.jpg|caption^null|alt^null|title^slider_posizione|description^null\u00bb bg_image_repeat=\u00bbno-repeat\u00bb bg_img_attach=\u00bbfixed\u00bb parallax_content=\u00bbparallax_content_value\u00bb][vc_column][vc_column_text] Hotel Real Fini Baia del Re Modena [\/vc_column_text][\/vc_column][\/vc_row][vc_row el_class=\u00bbcontenuto\u00bb][vc_column][vc_empty_space height=\u00bb50px\u00bb][vc_row_inner el_class=\u00bbwrap\u00bb][vc_column_inner width=\u00bb1\/2&#8243;][vc_column_text css=\u00bb.vc_custom_1465919347241{padding-top: 0px !important;}\u00bb] Ubicaci\u00f3n El Hotel Real Fini Baia del Re se encuentra en una posici\u00f3n estrat\u00e9gica, a partir de la que se puede llegar r\u00e1pidamente al centro de M\u00f3dena y a los puntos [&hellip;]<\/p>\n","protected":false},"author":36,"featured_media":0,"parent":0,"menu_order":0,"comment_status":"closed","ping_status":"closed","template":"","meta":{"_genesis_hide_title":false,"_genesis_hide_breadcrumbs":false,"_genesis_hide_singular_image":false,"_genesis_hide_footer_widgets":false,"_genesis_custom_body_class":"","_genesis_custom_post_class":"","_genesis_layout":"","footnotes":""},"class_list":{"0":"post-2573","1":"page","2":"type-page","3":"status-publish","5":"entry"},"yoast_head":"<!-- This site is optimized with the Yoast SEO plugin v25.6 - https:\/\/yoast.com\/wordpress\/plugins\/seo\/ -->\n<title>Ubicaci\u00f3n | Hotel Baia del Re<\/title>\n<meta name=\"description\" content=\"Ubicaci\u00f3n, Hotel Baia del Re:\" \/>\n<meta name=\"robots\" content=\"index, follow, max-snippet:-1, max-image-preview:large, max-video-preview:-1\" \/>\n<link rel=\"canonical\" href=\"https:\/\/www.hotelbaiadelre.com\/es\/ubicacion\/\" \/>\n<meta property=\"og:locale\" content=\"es_ES\" \/>\n<meta property=\"og:type\" content=\"article\" \/>\n<meta property=\"og:title\" content=\"Ubicaci\u00f3n | Hotel Baia del Re\" \/>\n<meta property=\"og:description\" content=\"Ubicaci\u00f3n, Hotel Baia del Re:\" \/>\n<meta property=\"og:url\" content=\"https:\/\/www.hotelbaiadelre.com\/es\/ubicacion\/\" \/>\n<meta property=\"og:site_name\" content=\"Hotel Baia del Re\" \/>\n<meta property=\"article:modified_time\" content=\"2019-01-31T15:17:03+00:00\" \/>\n<meta property=\"og:image\" content=\"https:\/\/www.hotelbaiadelre.com\/wp-content\/uploads\/2015\/07\/fregio.png\" \/>\n<meta name=\"twitter:label1\" content=\"Tiempo de lectura\" \/>\n\t<meta name=\"twitter:data1\" content=\"6 minutos\" \/>\n<script type=\"application\/ld+json\" class=\"yoast-schema-graph\">{\"@context\":\"https:\/\/schema.org\",\"@graph\":[{\"@type\":\"WebPage\",\"@id\":\"https:\/\/www.hotelbaiadelre.com\/es\/ubicacion\/\",\"url\":\"https:\/\/www.hotelbaiadelre.com\/es\/ubicacion\/\",\"name\":\"Ubicaci\u00f3n | Hotel Baia del Re\",\"isPartOf\":{\"@id\":\"https:\/\/www.hotelbaiadelre.com\/es\/#website\"},\"primaryImageOfPage\":{\"@id\":\"https:\/\/www.hotelbaiadelre.com\/es\/ubicacion\/#primaryimage\"},\"image\":{\"@id\":\"https:\/\/www.hotelbaiadelre.com\/es\/ubicacion\/#primaryimage\"},\"thumbnailUrl\":\"https:\/\/www.hotelbaiadelre.com\/wp-content\/uploads\/2015\/07\/fregio.png\",\"datePublished\":\"2016-05-24T08:48:53+00:00\",\"dateModified\":\"2019-01-31T15:17:03+00:00\",\"description\":\"Ubicaci\u00f3n, Hotel Baia del Re:\",\"breadcrumb\":{\"@id\":\"https:\/\/www.hotelbaiadelre.com\/es\/ubicacion\/#breadcrumb\"},\"inLanguage\":\"es\",\"potentialAction\":[{\"@type\":\"ReadAction\",\"target\":[\"https:\/\/www.hotelbaiadelre.com\/es\/ubicacion\/\"]}]},{\"@type\":\"ImageObject\",\"inLanguage\":\"es\",\"@id\":\"https:\/\/www.hotelbaiadelre.com\/es\/ubicacion\/#primaryimage\",\"url\":\"https:\/\/www.hotelbaiadelre.com\/wp-content\/uploads\/2015\/07\/fregio.png\",\"contentUrl\":\"https:\/\/www.hotelbaiadelre.com\/wp-content\/uploads\/2015\/07\/fregio.png\"},{\"@type\":\"BreadcrumbList\",\"@id\":\"https:\/\/www.hotelbaiadelre.com\/es\/ubicacion\/#breadcrumb\",\"itemListElement\":[{\"@type\":\"ListItem\",\"position\":1,\"name\":\"Home\",\"item\":\"https:\/\/www.hotelbaiadelre.com\/es\/\"},{\"@type\":\"ListItem\",\"position\":2,\"name\":\"Ubicaci\u00f3n\"}]},{\"@type\":\"WebSite\",\"@id\":\"https:\/\/www.hotelbaiadelre.com\/es\/#website\",\"url\":\"https:\/\/www.hotelbaiadelre.com\/es\/\",\"name\":\"Hotel Baia del Re\",\"description\":\"\",\"potentialAction\":[{\"@type\":\"SearchAction\",\"target\":{\"@type\":\"EntryPoint\",\"urlTemplate\":\"https:\/\/www.hotelbaiadelre.com\/es\/?s={search_term_string}\"},\"query-input\":{\"@type\":\"PropertyValueSpecification\",\"valueRequired\":true,\"valueName\":\"search_term_string\"}}],\"inLanguage\":\"es\"}]}<\/script>\n<!-- \/ Yoast SEO plugin. -->","yoast_head_json":{"title":"Ubicaci\u00f3n | Hotel Baia del Re","description":"Ubicaci\u00f3n, Hotel Baia del Re:","robots":{"index":"index","follow":"follow","max-snippet":"max-snippet:-1","max-image-preview":"max-image-preview:large","max-video-preview":"max-video-preview:-1"},"canonical":"https:\/\/www.hotelbaiadelre.com\/es\/ubicacion\/","og_locale":"es_ES","og_type":"article","og_title":"Ubicaci\u00f3n | Hotel Baia del Re","og_description":"Ubicaci\u00f3n, Hotel Baia del Re:","og_url":"https:\/\/www.hotelbaiadelre.com\/es\/ubicacion\/","og_site_name":"Hotel Baia del Re","article_modified_time":"2019-01-31T15:17:03+00:00","og_image":[{"url":"https:\/\/www.hotelbaiadelre.com\/wp-content\/uploads\/2015\/07\/fregio.png","type":"","width":"","height":""}],"twitter_misc":{"Tiempo de lectura":"6 minutos"},"schema":{"@context":"https:\/\/schema.org","@graph":[{"@type":"WebPage","@id":"https:\/\/www.hotelbaiadelre.com\/es\/ubicacion\/","url":"https:\/\/www.hotelbaiadelre.com\/es\/ubicacion\/","name":"Ubicaci\u00f3n | Hotel Baia del Re","isPartOf":{"@id":"https:\/\/www.hotelbaiadelre.com\/es\/#website"},"primaryImageOfPage":{"@id":"https:\/\/www.hotelbaiadelre.com\/es\/ubicacion\/#primaryimage"},"image":{"@id":"https:\/\/www.hotelbaiadelre.com\/es\/ubicacion\/#primaryimage"},"thumbnailUrl":"https:\/\/www.hotelbaiadelre.com\/wp-content\/uploads\/2015\/07\/fregio.png","datePublished":"2016-05-24T08:48:53+00:00","dateModified":"2019-01-31T15:17:03+00:00","description":"Ubicaci\u00f3n, Hotel Baia del Re:","breadcrumb":{"@id":"https:\/\/www.hotelbaiadelre.com\/es\/ubicacion\/#breadcrumb"},"inLanguage":"es","potentialAction":[{"@type":"ReadAction","target":["https:\/\/www.hotelbaiadelre.com\/es\/ubicacion\/"]}]},{"@type":"ImageObject","inLanguage":"es","@id":"https:\/\/www.hotelbaiadelre.com\/es\/ubicacion\/#primaryimage","url":"https:\/\/www.hotelbaiadelre.com\/wp-content\/uploads\/2015\/07\/fregio.png","contentUrl":"https:\/\/www.hotelbaiadelre.com\/wp-content\/uploads\/2015\/07\/fregio.png"},{"@type":"BreadcrumbList","@id":"https:\/\/www.hotelbaiadelre.com\/es\/ubicacion\/#breadcrumb","itemListElement":[{"@type":"ListItem","position":1,"name":"Home","item":"https:\/\/www.hotelbaiadelre.com\/es\/"},{"@type":"ListItem","position":2,"name":"Ubicaci\u00f3n"}]},{"@type":"WebSite","@id":"https:\/\/www.hotelbaiadelre.com\/es\/#website","url":"https:\/\/www.hotelbaiadelre.com\/es\/","name":"Hotel Baia del Re","description":"","potentialAction":[{"@type":"SearchAction","target":{"@type":"EntryPoint","urlTemplate":"https:\/\/www.hotelbaiadelre.com\/es\/?s={search_term_string}"},"query-input":{"@type":"PropertyValueSpecification","valueRequired":true,"valueName":"search_term_string"}}],"inLanguage":"es"}]}},"publishpress_future_action":{"enabled":false,"date":"2026-05-06 02:36:25","action":"change-status","newStatus":"draft","terms":[],"taxonomy":"translation_priority","extraData":[]},"publishpress_future_workflow_manual_trigger":{"enabledWorkflows":[]},"_links":{"self":[{"href":"https:\/\/www.hotelbaiadelre.com\/es\/wp-json\/wp\/v2\/pages\/2573","targetHints":{"allow":["GET"]}}],"collection":[{"href":"https:\/\/www.hotelbaiadelre.com\/es\/wp-json\/wp\/v2\/pages"}],"about":[{"href":"https:\/\/www.hotelbaiadelre.com\/es\/wp-json\/wp\/v2\/types\/page"}],"author":[{"embeddable":true,"href":"https:\/\/www.hotelbaiadelre.com\/es\/wp-json\/wp\/v2\/users\/36"}],"replies":[{"embeddable":true,"href":"https:\/\/www.hotelbaiadelre.com\/es\/wp-json\/wp\/v2\/comments?post=2573"}],"version-history":[{"count":2,"href":"https:\/\/www.hotelbaiadelre.com\/es\/wp-json\/wp\/v2\/pages\/2573\/revisions"}],"predecessor-version":[{"id":4054,"href":"https:\/\/www.hotelbaiadelre.com\/es\/wp-json\/wp\/v2\/pages\/2573\/revisions\/4054"}],"wp:attachment":[{"href":"https:\/\/www.hotelbaiadelre.com\/es\/wp-json\/wp\/v2\/media?parent=2573"}],"curies":[{"name":"wp","href":"https:\/\/api.w.org\/{rel}","templated":true}]}}