{"id":2756,"date":"2016-05-23T15:49:05","date_gmt":"2016-05-23T15:49:05","guid":{"rendered":"https:\/\/www.hotelbaiadelre.com\/fr\/appartamenti\/"},"modified":"2016-06-20T12:17:04","modified_gmt":"2016-06-20T12:17:04","slug":"appartements","status":"publish","type":"page","link":"https:\/\/www.hotelbaiadelre.com\/fr\/appartements\/","title":{"rendered":"Appartements"},"content":{"rendered":"<div class=\"wpb-content-wrapper\">[vc_row full_height=\u00a0\u00bbyes\u00a0\u00bb parallax=\u00a0\u00bbcontent-moving\u00a0\u00bb bg_type=\u00a0\u00bbimage\u00a0\u00bb parallax_style=\u00a0\u00bbvcpb-default\u00a0\u00bb bg_image_new=\u00a0\u00bbid^2044|url^https:\/\/www.hotelbaiadelre.com\/wp-content\/uploads\/2016\/05\/mini-appartamenti-ok-006.jpg|caption^null|alt^null|title^mini-appartamenti-ok-006|description^null\u00a0\u00bb bg_image_repeat=\u00a0\u00bbno-repeat\u00a0\u00bb bg_img_attach=\u00a0\u00bbfixed\u00a0\u00bb parallax_content=\u00a0\u00bbparallax_content_value\u00a0\u00bb][vc_column][vc_column_text]\n<div class=\"payoff\"><\/div>\n[\/vc_column_text][\/vc_column][\/vc_row][vc_row el_class=\u00a0\u00bbcontenuto\u00a0\u00bb][vc_column][vc_empty_space height=\u00a0\u00bb50px\u00a0\u00bb][vc_row_inner el_class=\u00a0\u00bbwrap\u00a0\u00bb][vc_column_inner width=\u00a0\u00bb1\/2&Prime;][vc_column_text css=\u00a0\u00bb.vc_custom_1466000767378{padding-top: 0px !important;}\u00a0\u00bb]\n<h1>Appartements<\/h1>\n<p><img decoding=\"async\" src=\"https:\/\/www.hotelbaiadelre.com\/wp-content\/uploads\/2015\/07\/fregio.png\" alt=\"\" \/><\/p>\n<p class=\"testointerno\">Situ\u00e9 \u00e0 10 km \u00e0 peine du centre de <strong>Mod\u00e8ne<\/strong>, les appartements de l\u2019<strong>H\u00f4tel Real Fini Baia del Re<\/strong> sont la solution id\u00e9ale pour les s\u00e9jours de longue dur\u00e9e au cours desquels vous pourrez profiter des services h\u00f4teliers tout en pr\u00e9servant votre ind\u00e9pendance.<\/p>\n<p class=\"testointerno\">Meubl\u00e9s avec go\u00fbt et soign\u00e9s dans les moindres d\u00e9tails, ils disposent d&rsquo;un <strong>parking<\/strong> situ\u00e9 \u00e0 c\u00f4t\u00e9 de l&rsquo;entr\u00e9e et constituent \u00e9galement la solution de choix pour des vacances en <strong>famille<\/strong>.<\/p>\n[\/vc_column_text][\/vc_column_inner][vc_column_inner width=\u00a0\u00bb1\/2&Prime;][vc_column_text el_class=\u00a0\u00bbpagina\u00a0\u00bb]\n<div id=\"box-offerte\">\n<h3>Offres Sp\u00e9ciales<\/h3>\n<div class=\"flexslider\" style=\"width:440px;\"><ul class=\"slides\"><li><a href=\"https:\/\/www.hotelbaiadelre.com\/fr\/offers\/early-booking-offer-up-to-28-off\/\"><img loading=\"lazy\" decoding=\"async\" width=\"440\" height=\"250\" src=\"https:\/\/www.hotelbaiadelre.com\/wp-content\/uploads\/2020\/03\/early-booking-discount-1-440x250.jpg\" class=\"attachment-slider_medium_large size-slider_medium_large\" alt=\"\" \/><\/a><div class=\"flex-caption\"><div class=\"original-price price-all\"><\/div><div class=\"reducted-price price-all\"><\/div><div class=\"clear\"><\/div><div class=\"clear\"><\/div><div class=\"offer_title\"><a href=\"https:\/\/www.hotelbaiadelre.com\/fr\/offers\/early-booking-offer-up-to-28-off\/\">Early Booking Offer: up to 28% Off<\/a><\/div><\/div><\/li><li><a href=\"https:\/\/www.hotelbaiadelre.com\/fr\/offers\/tarifs-speciaux-internet\/\"><img loading=\"lazy\" decoding=\"async\" width=\"440\" height=\"211\" src=\"https:\/\/www.hotelbaiadelre.com\/wp-content\/uploads\/2015\/07\/junior-suite-500x240.jpg\" class=\"attachment-slider_medium_large size-slider_medium_large\" alt=\"\" srcset=\"https:\/\/www.hotelbaiadelre.com\/wp-content\/uploads\/2015\/07\/junior-suite-500x240.jpg 500w, https:\/\/www.hotelbaiadelre.com\/wp-content\/uploads\/2015\/07\/junior-suite-210x100.jpg 210w\" sizes=\"auto, (max-width: 440px) 100vw, 440px\" \/><\/a><div class=\"flex-caption\"><div class=\"original-price price-all\"><\/div><div class=\"reducted-price price-all\"><\/div><div class=\"clear\"><\/div><div class=\"clear\"><\/div><div class=\"offer_title\"><a href=\"https:\/\/www.hotelbaiadelre.com\/fr\/offers\/tarifs-speciaux-internet\/\">Tarifs Sp\u00e9ciaux Internet<\/a><\/div><\/div><\/li><\/ul><\/div>\n<p class=\"lista\"><a title=\"Offerte Speciali\" href=\"https:\/\/www.hotelbaiadelre.com\/fr\/offres-speciales\/\">Voir la liste compl\u00e8te<\/a><\/p>\n<\/div>\n[\/vc_column_text][\/vc_column_inner][\/vc_row_inner][vc_empty_space height=\u00a0\u00bb50px\u00a0\u00bb][\/vc_column][\/vc_row][vc_row equal_height=\u00a0\u00bbyes\u00a0\u00bb content_placement=\u00a0\u00bbtop\u00a0\u00bb parallax=\u00a0\u00bbcontent-moving-fade\u00a0\u00bb bg_type=\u00a0\u00bbimage\u00a0\u00bb parallax_style=\u00a0\u00bbvcpb-default\u00a0\u00bb bg_image_repeat=\u00a0\u00bbno-repeat\u00a0\u00bb bg_img_attach=\u00a0\u00bbfixed\u00a0\u00bb parallax_content=\u00a0\u00bbparallax_content_value\u00a0\u00bb el_class=\u00a0\u00bbhp2&Prime;][vc_column width=\u00a0\u00bb1\/2&Prime; css=\u00a0\u00bb.vc_custom_1464189985783{background-image: url(https:\/\/www.hotelbaiadelre.com\/wp-content\/uploads\/2016\/05\/divisorio3-1.jpg?id=2253) !important;background-position: center !important;background-repeat: no-repeat !important;background-size: cover !important;}\u00a0\u00bb][vc_empty_space height=\u00a0\u00bb190px\u00a0\u00bb][vc_column_text]\n<div id=\"giallo\" class=\"bestprice\">\n<h3><span class=\"sans-serif\">Chambres et<br \/>\n<\/span>Suites<\/h3>\n<p>D\u00e9couvrez nos chambres et suites.<\/p>\n<\/div>\n[\/vc_column_text][vc_single_image image=\u00a0\u00bb1934&Prime; img_size=\u00a0\u00bbfull\u00a0\u00bb alignment=\u00a0\u00bbcenter\u00a0\u00bb css_animation=\u00a0\u00bbappear\u00a0\u00bb][vc_btn title=\u00a0\u00bbAller \u00e0 la page\u00a0\u00bb style=\u00a0\u00bbcustom\u00a0\u00bb custom_background=\u00a0\u00bb#a3680d\u00a0\u00bb custom_text=\u00a0\u00bb#ffffff\u00a0\u00bb shape=\u00a0\u00bbround\u00a0\u00bb size=\u00a0\u00bblg\u00a0\u00bb align=\u00a0\u00bbcenter\u00a0\u00bb css_animation=\u00a0\u00bbappear\u00a0\u00bb link=\u00a0\u00bburl:http%3A%2F%2Fwww.hotelbaiadelre.com%2Ffr%2Fchambres-et-suites%2F||\u00a0\u00bb][vc_single_image image=\u00a0\u00bb1934&Prime; img_size=\u00a0\u00bbfull\u00a0\u00bb alignment=\u00a0\u00bbcenter\u00a0\u00bb css_animation=\u00a0\u00bbappear\u00a0\u00bb][vc_empty_space height=\u00a0\u00bb160px\u00a0\u00bb][\/vc_column][vc_column width=\u00a0\u00bb1\/2&Prime; css=\u00a0\u00bb.vc_custom_1461917826851{background-image: url(https:\/\/www.hotelbaiadelre.com\/wp-content\/uploads\/2015\/07\/galleria.jpg?id=1998) !important;background-position: center !important;background-repeat: no-repeat !important;background-size: cover !important;}\u00a0\u00bb][vc_empty_space height=\u00a0\u00bb190px\u00a0\u00bb][vc_column_text]\n<div id=\"giallo\" class=\"bestprice\">\n<h3><span class=\"sans-serif\">Galerie de<br \/>\n<\/span>Photos<\/h3>\n<\/div>\n[\/vc_column_text][vc_empty_space height=\u00a0\u00bb40px\u00a0\u00bb][vc_single_image image=\u00a0\u00bb1934&Prime; img_size=\u00a0\u00bbfull\u00a0\u00bb alignment=\u00a0\u00bbcenter\u00a0\u00bb css_animation=\u00a0\u00bbappear\u00a0\u00bb][vc_btn title=\u00a0\u00bbAller \u00e0 la page\u00a0\u00bb style=\u00a0\u00bbcustom\u00a0\u00bb custom_background=\u00a0\u00bb#071832&Prime; custom_text=\u00a0\u00bb#ffffff\u00a0\u00bb shape=\u00a0\u00bbround\u00a0\u00bb size=\u00a0\u00bblg\u00a0\u00bb align=\u00a0\u00bbcenter\u00a0\u00bb css_animation=\u00a0\u00bbappear\u00a0\u00bb link=\u00a0\u00bburl:http%3A%2F%2Fwww.hotelbaiadelre.com%2Ffr%2Fgalerie-de-photos%2F||\u00a0\u00bb][vc_single_image image=\u00a0\u00bb1934&Prime; img_size=\u00a0\u00bbfull\u00a0\u00bb alignment=\u00a0\u00bbcenter\u00a0\u00bb css_animation=\u00a0\u00bbappear\u00a0\u00bb][vc_empty_space height=\u00a0\u00bb160px\u00a0\u00bb][\/vc_column][\/vc_row]\n<\/div>","protected":false},"excerpt":{"rendered":"<p>[vc_row full_height=\u00a0\u00bbyes\u00a0\u00bb parallax=\u00a0\u00bbcontent-moving\u00a0\u00bb bg_type=\u00a0\u00bbimage\u00a0\u00bb parallax_style=\u00a0\u00bbvcpb-default\u00a0\u00bb bg_image_new=\u00a0\u00bbid^2044|url^https:\/\/www.hotelbaiadelre.com\/wp-content\/uploads\/2016\/05\/mini-appartamenti-ok-006.jpg|caption^null|alt^null|title^mini-appartamenti-ok-006|description^null\u00a0\u00bb bg_image_repeat=\u00a0\u00bbno-repeat\u00a0\u00bb bg_img_attach=\u00a0\u00bbfixed\u00a0\u00bb parallax_content=\u00a0\u00bbparallax_content_value\u00a0\u00bb][vc_column][vc_column_text] [\/vc_column_text][\/vc_column][\/vc_row][vc_row el_class=\u00a0\u00bbcontenuto\u00a0\u00bb][vc_column][vc_empty_space height=\u00a0\u00bb50px\u00a0\u00bb][vc_row_inner el_class=\u00a0\u00bbwrap\u00a0\u00bb][vc_column_inner width=\u00a0\u00bb1\/2&Prime;][vc_column_text css=\u00a0\u00bb.vc_custom_1466000767378{padding-top: 0px !important;}\u00a0\u00bb] Appartements Situ\u00e9 \u00e0 10 km \u00e0 peine du centre de Mod\u00e8ne, les appartements de l\u2019H\u00f4tel Real Fini Baia del Re sont la solution id\u00e9ale pour les s\u00e9jours de longue dur\u00e9e au cours desquels vous pourrez profiter des services [&hellip;]<\/p>\n","protected":false},"author":36,"featured_media":0,"parent":0,"menu_order":0,"comment_status":"closed","ping_status":"closed","template":"","meta":{"_genesis_hide_title":false,"_genesis_hide_breadcrumbs":false,"_genesis_hide_singular_image":false,"_genesis_hide_footer_widgets":false,"_genesis_custom_body_class":"","_genesis_custom_post_class":"","_genesis_layout":"","footnotes":""},"class_list":{"0":"post-2756","1":"page","2":"type-page","3":"status-publish","5":"entry"},"yoast_head":"<!-- This site is optimized with the Yoast SEO plugin v25.6 - https:\/\/yoast.com\/wordpress\/plugins\/seo\/ -->\n<title>Appartements | Hotel Baia del Re<\/title>\n<meta name=\"description\" content=\"Appartements, Hotel Baia del Re:\" \/>\n<meta name=\"robots\" content=\"index, follow, max-snippet:-1, max-image-preview:large, max-video-preview:-1\" \/>\n<link rel=\"canonical\" href=\"https:\/\/www.hotelbaiadelre.com\/fr\/appartements\/\" \/>\n<meta property=\"og:locale\" content=\"fr_FR\" \/>\n<meta property=\"og:type\" content=\"article\" \/>\n<meta property=\"og:title\" content=\"Appartements | Hotel Baia del Re\" \/>\n<meta property=\"og:description\" content=\"Appartements, Hotel Baia del Re:\" \/>\n<meta property=\"og:url\" content=\"https:\/\/www.hotelbaiadelre.com\/fr\/appartements\/\" \/>\n<meta property=\"og:site_name\" content=\"Hotel Baia del Re\" \/>\n<meta property=\"article:modified_time\" content=\"2016-06-20T12:17:04+00:00\" \/>\n<meta property=\"og:image\" content=\"https:\/\/www.hotelbaiadelre.com\/wp-content\/uploads\/2015\/07\/fregio.png\" \/>\n<meta name=\"twitter:label1\" content=\"Dur\u00e9e de lecture estim\u00e9e\" \/>\n\t<meta name=\"twitter:data1\" content=\"2 minutes\" \/>\n<script type=\"application\/ld+json\" class=\"yoast-schema-graph\">{\"@context\":\"https:\/\/schema.org\",\"@graph\":[{\"@type\":\"WebPage\",\"@id\":\"https:\/\/www.hotelbaiadelre.com\/fr\/appartements\/\",\"url\":\"https:\/\/www.hotelbaiadelre.com\/fr\/appartements\/\",\"name\":\"Appartements | Hotel Baia del Re\",\"isPartOf\":{\"@id\":\"https:\/\/www.hotelbaiadelre.com\/fr\/#website\"},\"primaryImageOfPage\":{\"@id\":\"https:\/\/www.hotelbaiadelre.com\/fr\/appartements\/#primaryimage\"},\"image\":{\"@id\":\"https:\/\/www.hotelbaiadelre.com\/fr\/appartements\/#primaryimage\"},\"thumbnailUrl\":\"https:\/\/www.hotelbaiadelre.com\/wp-content\/uploads\/2015\/07\/fregio.png\",\"datePublished\":\"2016-05-23T15:49:05+00:00\",\"dateModified\":\"2016-06-20T12:17:04+00:00\",\"description\":\"Appartements, Hotel Baia del Re:\",\"breadcrumb\":{\"@id\":\"https:\/\/www.hotelbaiadelre.com\/fr\/appartements\/#breadcrumb\"},\"inLanguage\":\"fr-FR\",\"potentialAction\":[{\"@type\":\"ReadAction\",\"target\":[\"https:\/\/www.hotelbaiadelre.com\/fr\/appartements\/\"]}]},{\"@type\":\"ImageObject\",\"inLanguage\":\"fr-FR\",\"@id\":\"https:\/\/www.hotelbaiadelre.com\/fr\/appartements\/#primaryimage\",\"url\":\"https:\/\/www.hotelbaiadelre.com\/wp-content\/uploads\/2015\/07\/fregio.png\",\"contentUrl\":\"https:\/\/www.hotelbaiadelre.com\/wp-content\/uploads\/2015\/07\/fregio.png\"},{\"@type\":\"BreadcrumbList\",\"@id\":\"https:\/\/www.hotelbaiadelre.com\/fr\/appartements\/#breadcrumb\",\"itemListElement\":[{\"@type\":\"ListItem\",\"position\":1,\"name\":\"Home\",\"item\":\"https:\/\/www.hotelbaiadelre.com\/fr\/\"},{\"@type\":\"ListItem\",\"position\":2,\"name\":\"Appartements\"}]},{\"@type\":\"WebSite\",\"@id\":\"https:\/\/www.hotelbaiadelre.com\/fr\/#website\",\"url\":\"https:\/\/www.hotelbaiadelre.com\/fr\/\",\"name\":\"Hotel Baia del Re\",\"description\":\"\",\"potentialAction\":[{\"@type\":\"SearchAction\",\"target\":{\"@type\":\"EntryPoint\",\"urlTemplate\":\"https:\/\/www.hotelbaiadelre.com\/fr\/?s={search_term_string}\"},\"query-input\":{\"@type\":\"PropertyValueSpecification\",\"valueRequired\":true,\"valueName\":\"search_term_string\"}}],\"inLanguage\":\"fr-FR\"}]}<\/script>\n<!-- \/ Yoast SEO plugin. -->","yoast_head_json":{"title":"Appartements | Hotel Baia del Re","description":"Appartements, Hotel Baia del Re:","robots":{"index":"index","follow":"follow","max-snippet":"max-snippet:-1","max-image-preview":"max-image-preview:large","max-video-preview":"max-video-preview:-1"},"canonical":"https:\/\/www.hotelbaiadelre.com\/fr\/appartements\/","og_locale":"fr_FR","og_type":"article","og_title":"Appartements | Hotel Baia del Re","og_description":"Appartements, Hotel Baia del Re:","og_url":"https:\/\/www.hotelbaiadelre.com\/fr\/appartements\/","og_site_name":"Hotel Baia del Re","article_modified_time":"2016-06-20T12:17:04+00:00","og_image":[{"url":"https:\/\/www.hotelbaiadelre.com\/wp-content\/uploads\/2015\/07\/fregio.png","type":"","width":"","height":""}],"twitter_misc":{"Dur\u00e9e de lecture estim\u00e9e":"2 minutes"},"schema":{"@context":"https:\/\/schema.org","@graph":[{"@type":"WebPage","@id":"https:\/\/www.hotelbaiadelre.com\/fr\/appartements\/","url":"https:\/\/www.hotelbaiadelre.com\/fr\/appartements\/","name":"Appartements | Hotel Baia del Re","isPartOf":{"@id":"https:\/\/www.hotelbaiadelre.com\/fr\/#website"},"primaryImageOfPage":{"@id":"https:\/\/www.hotelbaiadelre.com\/fr\/appartements\/#primaryimage"},"image":{"@id":"https:\/\/www.hotelbaiadelre.com\/fr\/appartements\/#primaryimage"},"thumbnailUrl":"https:\/\/www.hotelbaiadelre.com\/wp-content\/uploads\/2015\/07\/fregio.png","datePublished":"2016-05-23T15:49:05+00:00","dateModified":"2016-06-20T12:17:04+00:00","description":"Appartements, Hotel Baia del Re:","breadcrumb":{"@id":"https:\/\/www.hotelbaiadelre.com\/fr\/appartements\/#breadcrumb"},"inLanguage":"fr-FR","potentialAction":[{"@type":"ReadAction","target":["https:\/\/www.hotelbaiadelre.com\/fr\/appartements\/"]}]},{"@type":"ImageObject","inLanguage":"fr-FR","@id":"https:\/\/www.hotelbaiadelre.com\/fr\/appartements\/#primaryimage","url":"https:\/\/www.hotelbaiadelre.com\/wp-content\/uploads\/2015\/07\/fregio.png","contentUrl":"https:\/\/www.hotelbaiadelre.com\/wp-content\/uploads\/2015\/07\/fregio.png"},{"@type":"BreadcrumbList","@id":"https:\/\/www.hotelbaiadelre.com\/fr\/appartements\/#breadcrumb","itemListElement":[{"@type":"ListItem","position":1,"name":"Home","item":"https:\/\/www.hotelbaiadelre.com\/fr\/"},{"@type":"ListItem","position":2,"name":"Appartements"}]},{"@type":"WebSite","@id":"https:\/\/www.hotelbaiadelre.com\/fr\/#website","url":"https:\/\/www.hotelbaiadelre.com\/fr\/","name":"Hotel Baia del Re","description":"","potentialAction":[{"@type":"SearchAction","target":{"@type":"EntryPoint","urlTemplate":"https:\/\/www.hotelbaiadelre.com\/fr\/?s={search_term_string}"},"query-input":{"@type":"PropertyValueSpecification","valueRequired":true,"valueName":"search_term_string"}}],"inLanguage":"fr-FR"}]}},"publishpress_future_action":{"enabled":false,"date":"2026-05-06 02:41:23","action":"change-status","newStatus":"draft","terms":[],"taxonomy":"translation_priority","extraData":[]},"publishpress_future_workflow_manual_trigger":{"enabledWorkflows":[]},"_links":{"self":[{"href":"https:\/\/www.hotelbaiadelre.com\/fr\/wp-json\/wp\/v2\/pages\/2756","targetHints":{"allow":["GET"]}}],"collection":[{"href":"https:\/\/www.hotelbaiadelre.com\/fr\/wp-json\/wp\/v2\/pages"}],"about":[{"href":"https:\/\/www.hotelbaiadelre.com\/fr\/wp-json\/wp\/v2\/types\/page"}],"author":[{"embeddable":true,"href":"https:\/\/www.hotelbaiadelre.com\/fr\/wp-json\/wp\/v2\/users\/36"}],"replies":[{"embeddable":true,"href":"https:\/\/www.hotelbaiadelre.com\/fr\/wp-json\/wp\/v2\/comments?post=2756"}],"version-history":[{"count":0,"href":"https:\/\/www.hotelbaiadelre.com\/fr\/wp-json\/wp\/v2\/pages\/2756\/revisions"}],"wp:attachment":[{"href":"https:\/\/www.hotelbaiadelre.com\/fr\/wp-json\/wp\/v2\/media?parent=2756"}],"curies":[{"name":"wp","href":"https:\/\/api.w.org\/{rel}","templated":true}]}}