{"id":2574,"date":"2016-05-24T08:48:53","date_gmt":"2016-05-24T08:48:53","guid":{"rendered":"https:\/\/www.hotelbaiadelre.com\/pt-pt\/posizione\/"},"modified":"2019-01-31T15:17:26","modified_gmt":"2019-01-31T15:17:26","slug":"localizacao","status":"publish","type":"page","link":"https:\/\/www.hotelbaiadelre.com\/pt-pt\/localizacao\/","title":{"rendered":"Localiza\u00e7\u00e3o"},"content":{"rendered":"<div class=\"wpb-content-wrapper\">[vc_row full_height=&#8221;yes&#8221; parallax=&#8221;content-moving&#8221; bg_type=&#8221;image&#8221; parallax_style=&#8221;vcpb-default&#8221; bg_image_new=&#8221;id^2235|url^https:\/\/www.hotelbaiadelre.com\/wp-content\/uploads\/2016\/05\/slider_posizione.jpg|caption^null|alt^null|title^slider_posizione|description^null&#8221; bg_image_repeat=&#8221;no-repeat&#8221; bg_img_attach=&#8221;fixed&#8221; parallax_content=&#8221;parallax_content_value&#8221;][vc_column][vc_column_text]\n<div class=\"payoff\">\n<h1>Hotel Real Fini Baia del Re Modena<\/h1>\n<\/div>\n[\/vc_column_text][\/vc_column][\/vc_row][vc_row el_class=&#8221;contenuto&#8221;][vc_column][vc_empty_space height=&#8221;50px&#8221;][vc_row_inner el_class=&#8221;wrap&#8221;][vc_column_inner width=&#8221;1\/2&#8243;][vc_column_text css=&#8221;.vc_custom_1465919669998{padding-top: 0px !important;}&#8221;]\n<h1>Localiza\u00e7\u00e3o<\/h1>\n<p><img decoding=\"async\" src=\"https:\/\/www.hotelbaiadelre.com\/wp-content\/uploads\/2015\/07\/fregio.png\" alt=\"\" \/><\/p>\n<p class=\"testointerno\">O <strong>Hotel Real Fini Baia<\/strong> <strong>del Re<\/strong> tem uma localiza\u00e7\u00e3o estrat\u00e9gica de onde \u00e9 poss\u00edvel chegar rapidamente ao centro de <strong>Modena<\/strong> e aos pontos mais interessantes da prov\u00edncia, mas \u00e9 tamb\u00e9m muito confort\u00e1vel para quem busca uma base para explorar as belezas da nossa regi\u00e3o ou para quem deseja repousar durante uma viagem longa.<\/p>\n<p class=\"testointerno\"><strong>Modena<\/strong>, com seu centro hist\u00f3rico rico e seus antigos pal\u00e1cios, representa uma ocasi\u00e3o deliciosa para quem adora se dedicar \u00e0 descoberta do patrim\u00f4nio art\u00edstico e cultural, que \u00e9 t\u00e3o rico em nosso pa\u00eds. Desde 1997 os s\u00edmbolos da cidade, ou seja, o <strong>Duomo<\/strong> de Modena, a <strong>Torre Ghirlandina<\/strong> e a <strong>Piazza Grande<\/strong>, passaram a fazer parte do <strong>patrim\u00f4nio da UNESCO<\/strong>. Etapas obrigat\u00f3rias para quem visita Modena s\u00e3o tamb\u00e9m o <strong>Palazzo Ducale<\/strong>, hoje sede da Academia Militar e o <strong>Teatro Comunale<\/strong> dedicado ao tenor origin\u00e1rio de Modena <strong>Luciano Pavarotti<\/strong>.<\/p>\n[\/vc_column_text][\/vc_column_inner][vc_column_inner width=&#8221;1\/2&#8243;][vc_column_text el_class=&#8221;pagina&#8221;]\n<div id=\"box-offerte\">\n<h3>Eventos<\/h3>\n<div class=\"flexslider\" style=\"width:100%px;\"><ul class=\"slides\"><li><a href=\"https:\/\/www.hotelbaiadelre.com\/pt-pt\/events\/eventos-na-cidade\/\"><img loading=\"lazy\" decoding=\"async\" width=\"440\" height=\"211\" src=\"https:\/\/www.hotelbaiadelre.com\/wp-content\/uploads\/2016\/05\/loc1_b-500x240.jpg\" class=\"attachment-slider_medium_large size-slider_medium_large\" alt=\"\" srcset=\"https:\/\/www.hotelbaiadelre.com\/wp-content\/uploads\/2016\/05\/loc1_b-500x240.jpg 500w, https:\/\/www.hotelbaiadelre.com\/wp-content\/uploads\/2016\/05\/loc1_b-210x100.jpg 210w\" sizes=\"auto, (max-width: 440px) 100vw, 440px\" \/><\/a><div class=\"flex-caption\"><div class=\"original-price price-all\"><\/div><div class=\"reducted-price price-all\"><\/div><div class=\"clear\"><\/div><div class=\"clear\"><\/div><div class=\"events_title\"><a href=\"https:\/\/www.hotelbaiadelre.com\/pt-pt\/events\/eventos-na-cidade\/\">Eventos na cidade<\/a><\/div><\/div><\/li><\/ul><\/div>\n<p class=\"lista\"><a title=\"Eventi\" href=\"https:\/\/www.hotelbaiadelre.com\/pt-pt\/eventos-modena\/\">Consulte a lista completa<\/a><\/p>\n<\/div>\n[\/vc_column_text][\/vc_column_inner][\/vc_row_inner][vc_empty_space height=&#8221;50px&#8221;][vc_raw_html]JTNDaWZyYW1lJTIwaWQlM0QlMjJtYXAxJTIyJTIwd2lkdGglM0QlMjIxMDAlMjUlMjIlMjBoZWlnaHQlM0QlMjI1NTAlMjIlMjBmcmFtZWJvcmRlciUzRCUyMjAlMjIlM0UlM0MlMkZpZnJhbWUlM0U=[\/vc_raw_html][\/vc_column][\/vc_row][vc_row content_placement=&#8221;top&#8221; parallax_content=&#8221;parallax_content_value&#8221; el_class=&#8221;wrap&#8221; css=&#8221;.vc_custom_1464188179440{margin-bottom: 30px !important;}&#8221;][vc_column width=&#8221;1\/2&#8243;][vc_column_text]\n<h3>Casa Museu Luciano Pavarotti<\/h3>\n<p class=\"testoservizi\">A poucos quil\u00f3metros de dist\u00e2ncia encontra-se a Casa Museu de Luciano Pavarotti, que conserva os objetos pessoais que ele amava e que cont\u00e9m as mem\u00f3rias dos seus dias passados entre fam\u00edlia, amigos e jovens estudantes.<\/p>\n<p class=\"testoservizi\">A visita a esta casa permitir\u00e1 descobrir Pavarotti, aproximar-se de sua mem\u00f3ria conhecendo os seus h\u00e1bitos di\u00e1rios, descobrindo o homem da casa, despido da aura do grande grande artista. Podem ver-se os trajes de palco , as fotografias e os v\u00eddeos que marcaram a sua grande carreira de mais de 40 anos nos teatros de \u00f3pera de todo o mundo.<\/p>\n[\/vc_column_text][\/vc_column][vc_column width=&#8221;1\/2&#8243;][vc_single_image image=&#8221;2382&#8243; img_size=&#8221;full&#8221; onclick=&#8221;img_link_large&#8221;][\/vc_column][\/vc_row][vc_row content_placement=&#8221;top&#8221; parallax_content=&#8221;parallax_content_value&#8221; css=&#8221;.vc_custom_1464708719328{margin-bottom: 30px !important;padding-top: 30px !important;padding-bottom: 30px !important;background-color: #eaeaea !important;}&#8221;][vc_column][vc_row_inner el_class=&#8221;wrap&#8221;][vc_column_inner width=&#8221;1\/2&#8243;][vc_single_image image=&#8221;2229&#8243; img_size=&#8221;full&#8221; onclick=&#8221;img_link_large&#8221;][\/vc_column_inner][vc_column_inner width=&#8221;1\/2&#8243;][vc_column_text]A poucos quil\u00f4metros da cidade est\u00e1 <strong>Maranello<\/strong>, sede da <strong>Ferrari<\/strong>, a marca de autom\u00f3veis mais famosa do mundo, celebrada no <strong> Museu Ferrari Maranello<\/strong> que exp\u00f5e os ve\u00edculos mais brilhantes e a gloriosa hist\u00f3ria esportiva. Os apaixonados pelos motores poder\u00e3o tamb\u00e9m, desde fevereiro de 2012 visita o <strong>Museu Casa Natale di Enzo Ferrari<\/strong>, desenvolvido na \u00e1rea onde est\u00e1 localizado o edif\u00edcio onde nasceu o Drake e cujo objetivo \u00e9 reconstruir a hist\u00f3ria do automobilismo de Modena e, em particular, a hist\u00f3ria de Enzo Ferrari e da <strong>Maserati<\/strong>, cuja f\u00e1brica est\u00e1 localizada em frente ao novo museu.[\/vc_column_text][\/vc_column_inner][\/vc_row_inner][\/vc_column][\/vc_row][vc_row content_placement=&#8221;top&#8221; parallax_content=&#8221;parallax_content_value&#8221; el_class=&#8221;wrap&#8221; css=&#8221;.vc_custom_1464188179440{margin-bottom: 30px !important;}&#8221;][vc_column width=&#8221;1\/2&#8243;][vc_column_text]\n<p class=\"testoservizi\">A prov\u00edncia de Modena oferece diversas atra\u00e7\u00f5es para os <strong>clientes de neg\u00f3cios<\/strong>, que encontrar\u00e1 v\u00e1rios motivos de interesse no <strong>polo cer\u00e2mico de Sassuolo<\/strong>, no polo t\u00eaxtil de Carpi e de biom\u00e9dica de Mirandola.<\/p>\n<h3>Feiras<\/h3>\n<ul>\n<li>CERSAIE (Bologna)<\/li>\n<li>COSMOPROF (Bologna)<\/li>\n<li>MOTOR SHOW (Bologna)<\/li>\n<li>CIBUS (Parma)<\/li>\n<li>Modena Antiquaria (antiguidades)<\/li>\n<li>Festival da filosofia (cultura)<\/li>\n<li>Serate Estensi (desfiles, dan\u00e7as e m\u00fasica)<\/li>\n<li>Skipass (esportes de inverno)<\/li>\n<li>Country Life (vida no campo)<\/li>\n<li>Modena Motor Gallery (<span id=\"result_box\" class=\"\" lang=\"pt\">antique autos e <span class=\"\">moto<\/span><\/span>)<\/li>\n<\/ul>\n[\/vc_column_text][\/vc_column][vc_column width=&#8221;1\/2&#8243;][vc_single_image image=&#8221;2384&#8243; img_size=&#8221;full&#8221; onclick=&#8221;img_link_large&#8221;][\/vc_column][\/vc_row][vc_row full_height=&#8221;yes&#8221; columns_placement=&#8221;top&#8221; parallax=&#8221;content-moving&#8221; bg_type=&#8221;image&#8221; parallax_style=&#8221;vcpb-vz-jquery&#8221; bg_image_new=&#8221;id^2357|url^https:\/\/www.hotelbaiadelre.com\/wp-content\/uploads\/2016\/05\/1D1K2016-1.jpg|caption^null|alt^null|title^1D1K2016|description^null&#8221; bg_image_repeat=&#8221;no-repeat&#8221; parallax_content=&#8221;parallax_content_value&#8221;][vc_column][vc_column_text el_class=&#8221;servizi&#8221;]\n<h2>Como chegar<\/h2>\n[\/vc_column_text][\/vc_column][\/vc_row][vc_row][vc_column][vc_empty_space][vc_column_text el_class=&#8221;wrap boxcomeragg&#8221;]\n<h3>Como chegar<\/h3>\n<p><strong>De trem.<\/strong> Da esta\u00e7\u00e3o ferrovi\u00e1ria de Modena, dirija-se \u00e0 esta\u00e7\u00e3o de \u00f4nibus e continue at\u00e9 o hotel usando a linha interurbana direta a Vignola (731), paragem \u201cPonte Guerro\u201d a cerca de 500 m do hotel. O bilhete pode ser comprado no \u00f4nibus ou na esta\u00e7\u00e3o. Alternativamente, de t\u00e1xi diretamente da esta\u00e7\u00e3o ferrovi\u00e1ria.<\/p>\n<p><strong>De avi\u00e3o.<\/strong> O aeroporto Marconi de Bolonha est\u00e1 a 35 km.\u00a0 De carro, siga as indica\u00e7\u00f5es para a tangencial e no ped\u00e1gio de Borgo Panigale pegue a autoestrada A1 dire\u00e7\u00e3o Mil\u00e3o; pegue a sa\u00edda Modena Sul, e voc\u00ea estar\u00e1 na Estrada Vignolese onde, ap\u00f3s 200 metros, nosso hotel lhe espera.<\/p>\n<p><strong>De carro.<\/strong> Vindo do norte, pegue a Autoestrada do Brennero A22 na dire\u00e7\u00e3o de Modena, entre na A1 dire\u00e7\u00e3o Bolonha e pegue a sa\u00edda Modena Sul. Vindo de Mil\u00e3o, pegue a A1 na dire\u00e7\u00e3o de Bolonha at\u00e9 a sa\u00edda Modena Sul. Em ambos os casos, ap\u00f3s sair da autoestrada no ped\u00e1gio de Modena Sul, voc\u00ea estar\u00e1 na Estrada Vignolese onde, ap\u00f3s 200 metros, nosso hotel lhe espera.[\/vc_column_text][vc_column_text css=&#8221;.vc_custom_1465919848313{padding-top: 30px !important;}&#8221; el_class=&#8221;wrap&#8221;]<a href=\"https:\/\/www.hotelbaiadelre.com\/pt-pt\/como-chegar\/\" class=\"popup\" data-width=\"750\" data-height=\"600\" data-scrollbars=\"1\" alt=\"popup\">\n<h4 class=\"nascondimobile\">Imprimir o mapa com as indica\u00e7\u00f5es para chegar at\u00e9 n\u00f3s<\/h4>\n<\/a>[\/vc_column_text][vc_empty_space][vc_media_grid element_width=&#8221;3&#8243; gap=&#8221;0&#8243; item=&#8221;mediaGrid_FadeInWithIcon&#8221; grid_id=&#8221;vc_gid:1548947832280-c3dae174-e6e4-0&#8243; include=&#8221;2112,2351,2115,2352&#8243;][\/vc_column][\/vc_row]\n<\/p><\/div>","protected":false},"excerpt":{"rendered":"<p>[vc_row full_height=&#8221;yes&#8221; parallax=&#8221;content-moving&#8221; bg_type=&#8221;image&#8221; parallax_style=&#8221;vcpb-default&#8221; bg_image_new=&#8221;id^2235|url^https:\/\/www.hotelbaiadelre.com\/wp-content\/uploads\/2016\/05\/slider_posizione.jpg|caption^null|alt^null|title^slider_posizione|description^null&#8221; bg_image_repeat=&#8221;no-repeat&#8221; bg_img_attach=&#8221;fixed&#8221; parallax_content=&#8221;parallax_content_value&#8221;][vc_column][vc_column_text] Hotel Real Fini Baia del Re Modena [\/vc_column_text][\/vc_column][\/vc_row][vc_row el_class=&#8221;contenuto&#8221;][vc_column][vc_empty_space height=&#8221;50px&#8221;][vc_row_inner el_class=&#8221;wrap&#8221;][vc_column_inner width=&#8221;1\/2&#8243;][vc_column_text css=&#8221;.vc_custom_1465919669998{padding-top: 0px !important;}&#8221;] Localiza\u00e7\u00e3o O Hotel Real Fini Baia del Re tem uma localiza\u00e7\u00e3o estrat\u00e9gica de onde \u00e9 poss\u00edvel chegar rapidamente ao centro de Modena e aos pontos mais interessantes da prov\u00edncia, mas \u00e9 [&hellip;]<\/p>\n","protected":false},"author":36,"featured_media":0,"parent":0,"menu_order":0,"comment_status":"closed","ping_status":"closed","template":"","meta":{"_genesis_hide_title":false,"_genesis_hide_breadcrumbs":false,"_genesis_hide_singular_image":false,"_genesis_hide_footer_widgets":false,"_genesis_custom_body_class":"","_genesis_custom_post_class":"","_genesis_layout":"","footnotes":""},"class_list":{"0":"post-2574","1":"page","2":"type-page","3":"status-publish","5":"entry"},"yoast_head":"<!-- This site is optimized with the Yoast SEO plugin v25.6 - https:\/\/yoast.com\/wordpress\/plugins\/seo\/ -->\n<title>Localiza\u00e7\u00e3o | Hotel Baia del Re<\/title>\n<meta name=\"description\" content=\"Localiza\u00e7\u00e3o, Hotel Baia del Re:\" \/>\n<meta name=\"robots\" content=\"index, follow, max-snippet:-1, max-image-preview:large, max-video-preview:-1\" \/>\n<link rel=\"canonical\" href=\"https:\/\/www.hotelbaiadelre.com\/pt-pt\/localizacao\/\" \/>\n<meta property=\"og:locale\" content=\"pt_PT\" \/>\n<meta property=\"og:type\" content=\"article\" \/>\n<meta property=\"og:title\" content=\"Localiza\u00e7\u00e3o | Hotel Baia del Re\" \/>\n<meta property=\"og:description\" content=\"Localiza\u00e7\u00e3o, Hotel Baia del Re:\" \/>\n<meta property=\"og:url\" content=\"https:\/\/www.hotelbaiadelre.com\/pt-pt\/localizacao\/\" \/>\n<meta property=\"og:site_name\" content=\"Hotel Baia del Re\" \/>\n<meta property=\"article:modified_time\" content=\"2019-01-31T15:17:26+00:00\" \/>\n<meta property=\"og:image\" content=\"https:\/\/www.hotelbaiadelre.com\/wp-content\/uploads\/2015\/07\/fregio.png\" \/>\n<meta name=\"twitter:label1\" content=\"Tempo estimado de leitura\" \/>\n\t<meta name=\"twitter:data1\" content=\"6 minutos\" \/>\n<script type=\"application\/ld+json\" class=\"yoast-schema-graph\">{\"@context\":\"https:\/\/schema.org\",\"@graph\":[{\"@type\":\"WebPage\",\"@id\":\"https:\/\/www.hotelbaiadelre.com\/pt-pt\/localizacao\/\",\"url\":\"https:\/\/www.hotelbaiadelre.com\/pt-pt\/localizacao\/\",\"name\":\"Localiza\u00e7\u00e3o | Hotel Baia del Re\",\"isPartOf\":{\"@id\":\"https:\/\/www.hotelbaiadelre.com\/pt-pt\/#website\"},\"primaryImageOfPage\":{\"@id\":\"https:\/\/www.hotelbaiadelre.com\/pt-pt\/localizacao\/#primaryimage\"},\"image\":{\"@id\":\"https:\/\/www.hotelbaiadelre.com\/pt-pt\/localizacao\/#primaryimage\"},\"thumbnailUrl\":\"https:\/\/www.hotelbaiadelre.com\/wp-content\/uploads\/2015\/07\/fregio.png\",\"datePublished\":\"2016-05-24T08:48:53+00:00\",\"dateModified\":\"2019-01-31T15:17:26+00:00\",\"description\":\"Localiza\u00e7\u00e3o, Hotel Baia del Re:\",\"breadcrumb\":{\"@id\":\"https:\/\/www.hotelbaiadelre.com\/pt-pt\/localizacao\/#breadcrumb\"},\"inLanguage\":\"pt-PT\",\"potentialAction\":[{\"@type\":\"ReadAction\",\"target\":[\"https:\/\/www.hotelbaiadelre.com\/pt-pt\/localizacao\/\"]}]},{\"@type\":\"ImageObject\",\"inLanguage\":\"pt-PT\",\"@id\":\"https:\/\/www.hotelbaiadelre.com\/pt-pt\/localizacao\/#primaryimage\",\"url\":\"https:\/\/www.hotelbaiadelre.com\/wp-content\/uploads\/2015\/07\/fregio.png\",\"contentUrl\":\"https:\/\/www.hotelbaiadelre.com\/wp-content\/uploads\/2015\/07\/fregio.png\"},{\"@type\":\"BreadcrumbList\",\"@id\":\"https:\/\/www.hotelbaiadelre.com\/pt-pt\/localizacao\/#breadcrumb\",\"itemListElement\":[{\"@type\":\"ListItem\",\"position\":1,\"name\":\"Home\",\"item\":\"https:\/\/www.hotelbaiadelre.com\/pt-pt\/\"},{\"@type\":\"ListItem\",\"position\":2,\"name\":\"Localiza\u00e7\u00e3o\"}]},{\"@type\":\"WebSite\",\"@id\":\"https:\/\/www.hotelbaiadelre.com\/pt-pt\/#website\",\"url\":\"https:\/\/www.hotelbaiadelre.com\/pt-pt\/\",\"name\":\"Hotel Baia del Re\",\"description\":\"\",\"potentialAction\":[{\"@type\":\"SearchAction\",\"target\":{\"@type\":\"EntryPoint\",\"urlTemplate\":\"https:\/\/www.hotelbaiadelre.com\/pt-pt\/?s={search_term_string}\"},\"query-input\":{\"@type\":\"PropertyValueSpecification\",\"valueRequired\":true,\"valueName\":\"search_term_string\"}}],\"inLanguage\":\"pt-PT\"}]}<\/script>\n<!-- \/ Yoast SEO plugin. -->","yoast_head_json":{"title":"Localiza\u00e7\u00e3o | Hotel Baia del Re","description":"Localiza\u00e7\u00e3o, Hotel Baia del Re:","robots":{"index":"index","follow":"follow","max-snippet":"max-snippet:-1","max-image-preview":"max-image-preview:large","max-video-preview":"max-video-preview:-1"},"canonical":"https:\/\/www.hotelbaiadelre.com\/pt-pt\/localizacao\/","og_locale":"pt_PT","og_type":"article","og_title":"Localiza\u00e7\u00e3o | Hotel Baia del Re","og_description":"Localiza\u00e7\u00e3o, Hotel Baia del Re:","og_url":"https:\/\/www.hotelbaiadelre.com\/pt-pt\/localizacao\/","og_site_name":"Hotel Baia del Re","article_modified_time":"2019-01-31T15:17:26+00:00","og_image":[{"url":"https:\/\/www.hotelbaiadelre.com\/wp-content\/uploads\/2015\/07\/fregio.png","type":"","width":"","height":""}],"twitter_misc":{"Tempo estimado de leitura":"6 minutos"},"schema":{"@context":"https:\/\/schema.org","@graph":[{"@type":"WebPage","@id":"https:\/\/www.hotelbaiadelre.com\/pt-pt\/localizacao\/","url":"https:\/\/www.hotelbaiadelre.com\/pt-pt\/localizacao\/","name":"Localiza\u00e7\u00e3o | Hotel Baia del Re","isPartOf":{"@id":"https:\/\/www.hotelbaiadelre.com\/pt-pt\/#website"},"primaryImageOfPage":{"@id":"https:\/\/www.hotelbaiadelre.com\/pt-pt\/localizacao\/#primaryimage"},"image":{"@id":"https:\/\/www.hotelbaiadelre.com\/pt-pt\/localizacao\/#primaryimage"},"thumbnailUrl":"https:\/\/www.hotelbaiadelre.com\/wp-content\/uploads\/2015\/07\/fregio.png","datePublished":"2016-05-24T08:48:53+00:00","dateModified":"2019-01-31T15:17:26+00:00","description":"Localiza\u00e7\u00e3o, Hotel Baia del Re:","breadcrumb":{"@id":"https:\/\/www.hotelbaiadelre.com\/pt-pt\/localizacao\/#breadcrumb"},"inLanguage":"pt-PT","potentialAction":[{"@type":"ReadAction","target":["https:\/\/www.hotelbaiadelre.com\/pt-pt\/localizacao\/"]}]},{"@type":"ImageObject","inLanguage":"pt-PT","@id":"https:\/\/www.hotelbaiadelre.com\/pt-pt\/localizacao\/#primaryimage","url":"https:\/\/www.hotelbaiadelre.com\/wp-content\/uploads\/2015\/07\/fregio.png","contentUrl":"https:\/\/www.hotelbaiadelre.com\/wp-content\/uploads\/2015\/07\/fregio.png"},{"@type":"BreadcrumbList","@id":"https:\/\/www.hotelbaiadelre.com\/pt-pt\/localizacao\/#breadcrumb","itemListElement":[{"@type":"ListItem","position":1,"name":"Home","item":"https:\/\/www.hotelbaiadelre.com\/pt-pt\/"},{"@type":"ListItem","position":2,"name":"Localiza\u00e7\u00e3o"}]},{"@type":"WebSite","@id":"https:\/\/www.hotelbaiadelre.com\/pt-pt\/#website","url":"https:\/\/www.hotelbaiadelre.com\/pt-pt\/","name":"Hotel Baia del Re","description":"","potentialAction":[{"@type":"SearchAction","target":{"@type":"EntryPoint","urlTemplate":"https:\/\/www.hotelbaiadelre.com\/pt-pt\/?s={search_term_string}"},"query-input":{"@type":"PropertyValueSpecification","valueRequired":true,"valueName":"search_term_string"}}],"inLanguage":"pt-PT"}]}},"publishpress_future_action":{"enabled":false,"date":"2026-05-06 02:45:15","action":"change-status","newStatus":"draft","terms":[],"taxonomy":"translation_priority","extraData":[]},"publishpress_future_workflow_manual_trigger":{"enabledWorkflows":[]},"_links":{"self":[{"href":"https:\/\/www.hotelbaiadelre.com\/pt-pt\/wp-json\/wp\/v2\/pages\/2574","targetHints":{"allow":["GET"]}}],"collection":[{"href":"https:\/\/www.hotelbaiadelre.com\/pt-pt\/wp-json\/wp\/v2\/pages"}],"about":[{"href":"https:\/\/www.hotelbaiadelre.com\/pt-pt\/wp-json\/wp\/v2\/types\/page"}],"author":[{"embeddable":true,"href":"https:\/\/www.hotelbaiadelre.com\/pt-pt\/wp-json\/wp\/v2\/users\/36"}],"replies":[{"embeddable":true,"href":"https:\/\/www.hotelbaiadelre.com\/pt-pt\/wp-json\/wp\/v2\/comments?post=2574"}],"version-history":[{"count":2,"href":"https:\/\/www.hotelbaiadelre.com\/pt-pt\/wp-json\/wp\/v2\/pages\/2574\/revisions"}],"predecessor-version":[{"id":4055,"href":"https:\/\/www.hotelbaiadelre.com\/pt-pt\/wp-json\/wp\/v2\/pages\/2574\/revisions\/4055"}],"wp:attachment":[{"href":"https:\/\/www.hotelbaiadelre.com\/pt-pt\/wp-json\/wp\/v2\/media?parent=2574"}],"curies":[{"name":"wp","href":"https:\/\/api.w.org\/{rel}","templated":true}]}}